{"id":296,"date":"2025-09-14T20:41:32","date_gmt":"2025-09-14T17:41:32","guid":{"rendered":"http:\/\/michaeliten.org\/?page_id=296"},"modified":"2025-09-14T22:52:06","modified_gmt":"2025-09-14T19:52:06","slug":"von-michaeliten","status":"publish","type":"page","link":"https:\/\/michaeliten.org\/bg\/von-michaeliten\/","title":{"rendered":"\u043e\u0442 \u043c\u0438\u0445\u0430\u0438\u043b\u0442\u044f\u043d\u0438\u0442\u0435"},"content":{"rendered":"\t\t<div data-elementor-type=\"wp-page\" data-elementor-id=\"296\" class=\"elementor elementor-296\" data-elementor-post-type=\"page\">\n\t\t\t\t<div class=\"elementor-element elementor-element-d8b0874 e-flex e-con-boxed e-con e-parent\" data-id=\"d8b0874\" data-element_type=\"container\" data-e-type=\"container\">\n\t\t\t\t\t<div class=\"e-con-inner\">\n\t\t<div class=\"elementor-element elementor-element-a65d195 e-con-full e-flex e-con e-child\" data-id=\"a65d195\" data-element_type=\"container\" data-e-type=\"container\">\n\t\t\t\t<div class=\"elementor-element elementor-element-42e1c66 elementor-widget elementor-widget-n-accordion\" data-id=\"42e1c66\" data-element_type=\"widget\" data-e-type=\"widget\" id=\"MarieSteiner\" data-settings=\"{&quot;default_state&quot;:&quot;expanded&quot;,&quot;max_items_expended&quot;:&quot;one&quot;,&quot;n_accordion_animation_duration&quot;:{&quot;unit&quot;:&quot;ms&quot;,&quot;size&quot;:400,&quot;sizes&quot;:[]}}\" data-widget_type=\"nested-accordion.default\">\n\t\t\t\t\t\t\t<div class=\"e-n-accordion\" aria-label=\"Accordion. Open links with Enter or Space, close with Escape, and navigate with Arrow Keys\">\n\t\t\t\t\t\t<details id=\"e-n-accordion-item-7010\" class=\"e-n-accordion-item\" open>\n\t\t\t\t<summary class=\"e-n-accordion-item-title\" data-accordion-index=\"1\" tabindex=\"0\" aria-expanded=\"true\" aria-controls=\"e-n-accordion-item-7010\" >\n\t\t\t\t\t<span class='e-n-accordion-item-title-header'><div class=\"e-n-accordion-item-title-text\"> 6. Siegel <\/div><\/span>\n\t\t\t\t\t\t\t\t\t<\/summary>\n\t\t\t\t<div role=\"region\" aria-labelledby=\"e-n-accordion-item-7010\" class=\"elementor-element elementor-element-51e0f56 e-flex e-con-boxed e-con e-child\" data-id=\"51e0f56\" data-element_type=\"container\" data-e-type=\"container\">\n\t\t\t\t\t<div class=\"e-con-inner\">\n\t\t\t\t<div class=\"elementor-element elementor-element-661474e elementor-widget elementor-widget-text-editor\" data-id=\"661474e\" data-element_type=\"widget\" data-e-type=\"widget\" id=\"6Sig\" data-widget_type=\"text-editor.default\">\n\t\t\t\t\t\t\t\t\t<p><img fetchpriority=\"high\" decoding=\"async\" class=\"size-medium wp-image-104 alignleft\" src=\"http:\/\/michaeliten.org\/wp-content\/uploads\/2025\/09\/Michael-Siegel3_round-296x300.png\" alt=\"\" width=\"296\" height=\"300\" srcset=\"https:\/\/michaeliten.org\/wp-content\/uploads\/2025\/09\/Michael-Siegel3_round-296x300.png 296w, https:\/\/michaeliten.org\/wp-content\/uploads\/2025\/09\/Michael-Siegel3_round.png 521w\" sizes=\"(max-width: 296px) 100vw, 296px\" \/>\u201e\u2026Dann [in dem sechsten Siegel] wird uns noch dargestellt, wie der also bis zur hohen Vergeistigung hinaufgestiegene Mensch der Gestalt des Michael gleich ist; wie er das, was b\u00f6se ist auf der Welt, in dem Symbolum des Drachen gefesselt h\u00e4lt.\u201c<\/p><p><em>Rudolf Steiner, GA101<\/em><\/p>\t\t\t\t\t\t\t\t<\/div>\n\t\t\t\t\t<\/div>\n\t\t\t\t<\/div>\n\t\t\t\t\t<\/details>\n\t\t\t\t\t\t<details id=\"e-n-accordion-item-7011\" class=\"e-n-accordion-item\" >\n\t\t\t\t<summary class=\"e-n-accordion-item-title\" data-accordion-index=\"2\" tabindex=\"-1\" aria-expanded=\"false\" aria-controls=\"e-n-accordion-item-7011\" >\n\t\t\t\t\t<span class='e-n-accordion-item-title-header'><div class=\"e-n-accordion-item-title-text\"> von Rudolf Steiner <\/div><\/span>\n\t\t\t\t\t\t\t\t\t<\/summary>\n\t\t\t\t<div role=\"region\" aria-labelledby=\"e-n-accordion-item-7011\" class=\"elementor-element elementor-element-13859a4 e-con-full e-flex e-con e-child\" data-id=\"13859a4\" data-element_type=\"container\" data-e-type=\"container\">\n\t\t\t\t<div class=\"elementor-element elementor-element-139f72c elementor-widget elementor-widget-text-editor\" data-id=\"139f72c\" data-element_type=\"widget\" data-e-type=\"widget\" id=\"RSt\" data-widget_type=\"text-editor.default\">\n\t\t\t\t\t\t\t\t\t<p><img decoding=\"async\" class=\"size-medium wp-image-105 alignleft\" src=\"http:\/\/michaeliten.org\/wp-content\/uploads\/2025\/09\/Steiner-300x183.png\" alt=\"\" width=\"300\" height=\"183\" \/>\u201e\u2026vom letzten Drittel des neunzehnten Jahrhunderts an will er (Michael) in den Menschenseelen leben, in denen die Gedanken gebildet werden. Vorher sahen die Michael verwandten Menschen Michael im Geistbereich seine T\u00e4tigkeit entfalten; jetzt erkennen sie, da\u00df sie Michael im Herzen wohnen lassen sollen; jetzt weihen sie ihm ihr gedankengetragenes geistiges Leben; jetzt lassen sie sich im freien, individuellen Gedankenleben von Michael dar\u00fcber belehren, welches die rechten Wege der Seele sind.\u201c<\/p><p><em>Rudolf Steiner, GA26, Seite 61, 17.08.1924<\/em><\/p><p>\u201eIm Gesamt-Menschenleben verlangt der Geist nach dem Sinne, und der Sinn nach dem Geiste. &#8211; Im geistigen Dasein w\u00e4re Leerheit, wenn nicht als Erinnerung die Erlebnisse des Sinnen-Erlebens darinnen w\u00e4ren; im Sinnes-Erleben w\u00e4re Finsternis, wenn nicht leuchtend, obwohl zun\u00e4chst unterbewu\u00dft, die Kraft des Geistigen hereinwirkte. Es wird daher, wenn sich der Mensch reif gemacht haben wird, die Bet\u00e4tigung des Michael mitzuerleben, nicht etwa ein Verarmen der Seelen an Natur-Erlebnissen eintreten, sondern im Gegenteil eine Bereicherung. Und auch das Gef\u00fchlsleben wird nicht dazu neigen, sich von dem Sinneserleben abzuziehen, sondern es wird freudige Neigung da sein, um die Wunder der Sinnen-Welt voll in die Seele aufzunehmen.\u201c<\/p><p><em>Rudolf Steiner, Goetheanum, Februar 1925.<\/em><\/p><p>\u201eDas weitaus meiste dessen, was heute durch die Technik in der Kultur wirkt und in das er mit seinem Leben im h\u00f6chsten Grade versponnen ist, das ist nicht Natur, sondern Unter-Natur. Es ist eine Welt, die sich nach unten hin von der Natur emanzipiert.<\/p><p>Man sehe, wie der Orientale, wenn er nach dem Geiste strebt, herauszukommen sucht aus den Gleichgewichtszust\u00e4nden, die blo\u00df vom Irdischen kommen. Er nimmt eine Meditationsstellung an, die ihn in das blo\u00dfe kosmische Gleichgewicht hineinbringt. Die Erde wirkt dann nicht mehr auf die Orientierung seines Organismus. (Dies sei nicht zur Nachahmung, sondern nur zur Verdeutlichung des hier Vorgebrachten gesagt. Wer meine Schriften kennt, wei\u00df, wie sich in dieser Richtung \u00f6stliches und westliches Geistesleben unterscheiden.) Der Mensch brauchte die Beziehung zu dem blo\u00df Irdischen f\u00fcr seine Bewu\u00dftseinsseelenentwickelung. Da kam denn in der neuesten Zeit die Tendenz zustande, \u00fcberall auch im Tun das zu verwirklichen, in das sich der Mensch einleben mu\u00df. Er trifft, indem er sich in das blo\u00df Irdische einlebt, das Ahrimanische. Er mu\u00df sich mit seinem eigenen Wesen in das rechte Verh\u00e4ltnis zu diesem Ahrimanischen bringen. Aber es entzieht sich ihm in dem bisherigen Verlauf des technischen Zeitalters noch die M\u00f6glichkeit, auch gegen\u00fcber der ahrimanischen Kultur das rechte Verh\u00e4ltnis zu finden. Der Mensch mu\u00df die St\u00e4rke, die innere Erkenntniskraft finden, um von Ahriman in der technischen Kultur nicht \u00fcberw\u00e4ltigt zu werden.<\/p><p>Die Unter-Natur mu\u00df als solche begriffen werden. Sie kann es nur, wenn der Mensch in der geistigen Erkenntnis mindestens gerade so weit hinaufsteigt zur au\u00dferirdischen \u00dcber-Natur, wie er in der Technik in die Unter-Natur heruntergestiegen ist.<\/p><p>Das Zeitalter braucht eine \u00fcber die Natur gehende Erkenntnis, weil es innerlich mit einem gef\u00e4hrlich wirkenden Lebensinhalt fertig werden mu\u00df, der unter die Natur heruntergesunken ist. Es soll hier nat\u00fcrlich nicht etwa davon gesprochen werden, da\u00df man zu fr\u00fcheren Kulturzust\u00e4nden wieder zur\u00fcckkehren soll, sondern davon, da\u00df der Mensch den Weg finde, die neuen Kulturverh\u00e4ltnisse in ein rechtes Verh\u00e4ltnis zu sich und zum Kosmos zu bringen.<\/p><p>Heute f\u00fchlen noch die wenigsten, welche bedeutsamen geistigen Aufgaben sich da f\u00fcr den Menschen herausbilden. Die Elektrizit\u00e4t, die nach ihrer Entdeckung als die Seele des nat\u00fcrlichen Daseins gepriesen wurde, sie mu\u00df erkannt werden in ihrer Kraft, von der Natur in die UnterNatur hinabzuleiten. Es darf der Mensch nur nicht mitgleiten. In der Zeit, in der es eine von der eigentlichen Natur unabh\u00e4ngige Technik noch nicht gab, fand der Mensch den Geist in der Naturanschauung. Die sich unabh\u00e4ngig machende Technik lie\u00df den Menschen auf das Mechanistisch-Materielle als das f\u00fcr ihn nun wissenschaftlich werdende hinstarren. In diesem ist nun alles G\u00f6ttlich-Geistige, das mit dem Urspr\u00fcnge der Menschheitsentwickelung zusammenh\u00e4ngt, abwesend. Das rein Ahrimanische beherrscht diese Sph\u00e4re.<\/p><p>In einer Geistwissenschaft wird nun die andere Sph\u00e4re geschaffen, in der ein Ahrimanisches gar nicht vorhanden ist. Und gerade durch das erkennende Aufnehmen derjenigen Geistigkeit, zu der die ahrimanischen M\u00e4chte keinen Zutritt haben, wird der Mensch gest\u00e4rkt, um in der Welt Ahriman gegen\u00fcberzutreten.<\/p><p><em>Rudolf Steiner, Goetheanum, M\u00e4rz 1925.<\/em><\/p>\t\t\t\t\t\t\t\t<\/div>\n\t\t\t\t<\/div>\n\t\t\t\t\t<\/details>\n\t\t\t\t\t\t<details id=\"e-n-accordion-item-7012\" class=\"e-n-accordion-item\" >\n\t\t\t\t<summary class=\"e-n-accordion-item-title\" data-accordion-index=\"3\" tabindex=\"-1\" aria-expanded=\"false\" aria-controls=\"e-n-accordion-item-7012\" >\n\t\t\t\t\t<span class='e-n-accordion-item-title-header'><div class=\"e-n-accordion-item-title-text\"> von Ita Wegman <\/div><\/span>\n\t\t\t\t\t\t\t\t\t<\/summary>\n\t\t\t\t<div role=\"region\" aria-labelledby=\"e-n-accordion-item-7012\" class=\"elementor-element elementor-element-8344c30 e-flex e-con-boxed e-con e-child\" data-id=\"8344c30\" data-element_type=\"container\" data-e-type=\"container\">\n\t\t\t\t\t<div class=\"e-con-inner\">\n\t\t<div role=\"region\" aria-labelledby=\"e-n-accordion-item-7012\" class=\"elementor-element elementor-element-066c4d2 e-con-full e-flex e-con e-child\" data-id=\"066c4d2\" data-element_type=\"container\" data-e-type=\"container\">\n\t\t\t\t<div class=\"elementor-element elementor-element-5dbef5b elementor-widget elementor-widget-text-editor\" data-id=\"5dbef5b\" data-element_type=\"widget\" data-e-type=\"widget\" id=\"ItaWegman\" data-widget_type=\"text-editor.default\">\n\t\t\t\t\t\t\t\t\t<p><img decoding=\"async\" class=\"size-full wp-image-106 alignleft\" src=\"http:\/\/michaeliten.org\/wp-content\/uploads\/2025\/09\/Wegman.png\" alt=\"\" width=\"222\" height=\"221\" srcset=\"https:\/\/michaeliten.org\/wp-content\/uploads\/2025\/09\/Wegman.png 222w, https:\/\/michaeliten.org\/wp-content\/uploads\/2025\/09\/Wegman-150x150.png 150w\" sizes=\"(max-width: 222px) 100vw, 222px\" \/>\u201eMichael will zu einer wahren Christus-Erkenntnis f\u00fchren, zu einer Christuserkenntnis, die sich im moralischen Tun darlebt, das den einzelnen zur Freiheit und die Gemeinschaft zur Harmonie f\u00fchrt.\u201c<\/p><p><em>Dr. Ita Wegman, \u201eAus Michaels Wirken\u201c , 5. Auflage, S. 30<\/em><\/p>\t\t\t\t\t\t\t\t<\/div>\n\t\t\t\t<\/div>\n\t\t\t\t\t<\/div>\n\t\t\t\t<\/div>\n\t\t\t\t\t<\/details>\n\t\t\t\t\t\t<details id=\"e-n-accordion-item-7013\" class=\"e-n-accordion-item\" >\n\t\t\t\t<summary class=\"e-n-accordion-item-title\" data-accordion-index=\"4\" tabindex=\"-1\" aria-expanded=\"false\" aria-controls=\"e-n-accordion-item-7013\" >\n\t\t\t\t\t<span class='e-n-accordion-item-title-header'><div class=\"e-n-accordion-item-title-text\"> von Marie Steiner <\/div><\/span>\n\t\t\t\t\t\t\t\t\t<\/summary>\n\t\t\t\t<div role=\"region\" aria-labelledby=\"e-n-accordion-item-7013\" class=\"elementor-element elementor-element-2fc15ee e-flex e-con-boxed e-con e-child\" data-id=\"2fc15ee\" data-element_type=\"container\" data-e-type=\"container\">\n\t\t\t\t\t<div class=\"e-con-inner\">\n\t\t\t\t<div class=\"elementor-element elementor-element-4e95d07 elementor-widget elementor-widget-text-editor\" data-id=\"4e95d07\" data-element_type=\"widget\" data-e-type=\"widget\" data-widget_type=\"text-editor.default\">\n\t\t\t\t\t\t\t\t\t<p><img loading=\"lazy\" decoding=\"async\" class=\"alignnone size-full wp-image-304\" src=\"http:\/\/michaeliten.org\/wp-content\/uploads\/2025\/09\/Marie2.png\" alt=\"\" width=\"231\" height=\"207\" \/><\/p><p><em>Die Zitate kommt bald&#8230;<\/em><\/p>\t\t\t\t\t\t\t\t<\/div>\n\t\t\t\t\t<\/div>\n\t\t\t\t<\/div>\n\t\t\t\t\t<\/details>\n\t\t\t\t\t\t<details id=\"e-n-accordion-item-7014\" class=\"e-n-accordion-item\" >\n\t\t\t\t<summary class=\"e-n-accordion-item-title\" data-accordion-index=\"5\" tabindex=\"-1\" aria-expanded=\"false\" aria-controls=\"e-n-accordion-item-7014\" >\n\t\t\t\t\t<span class='e-n-accordion-item-title-header'><div class=\"e-n-accordion-item-title-text\"> von Bernhard Lievegoed <\/div><\/span>\n\t\t\t\t\t\t\t\t\t<\/summary>\n\t\t\t\t<div role=\"region\" aria-labelledby=\"e-n-accordion-item-7014\" class=\"elementor-element elementor-element-bcb0c7b e-flex e-con-boxed e-con e-child\" data-id=\"bcb0c7b\" data-element_type=\"container\" data-e-type=\"container\">\n\t\t\t\t\t<div class=\"e-con-inner\">\n\t\t<div role=\"region\" aria-labelledby=\"e-n-accordion-item-7014\" class=\"elementor-element elementor-element-c52eb26 e-con-full e-flex e-con e-child\" data-id=\"c52eb26\" data-element_type=\"container\" data-e-type=\"container\">\n\t\t\t\t<div class=\"elementor-element elementor-element-3d81f08 elementor-widget elementor-widget-text-editor\" data-id=\"3d81f08\" data-element_type=\"widget\" data-e-type=\"widget\" id=\"BernhardLievegoed\" data-widget_type=\"text-editor.default\">\n\t\t\t\t\t\t\t\t\t<p><img loading=\"lazy\" decoding=\"async\" class=\"size-full wp-image-107 alignleft\" src=\"http:\/\/michaeliten.org\/wp-content\/uploads\/2025\/09\/Bernard.png\" alt=\"\" width=\"239\" height=\"234\" \/>\u201e\u2026so werden die Menschen, wenn ihr Ich zu erwachen anf\u00e4ngt, den Entschlu\u00df fassen m\u00fcssen, Mit-Wirkende am weiteren Entwicklungsgeschehen zu werden \u2013 oder sie werden als Au\u00dfenseiter (wie die luziferischen und ahrimanischen Hierarchien) stehenbleiben. \u2026\u201c<\/p><p><em>Bernhard Lievegoed, \u201eAlte Mysterien und Soziale Evolution\u201c<\/em><\/p>\t\t\t\t\t\t\t\t<\/div>\n\t\t\t\t<\/div>\n\t\t\t\t\t<\/div>\n\t\t\t\t<\/div>\n\t\t\t\t\t<\/details>\n\t\t\t\t\t<\/div>\n\t\t\t\t\t\t<\/div>\n\t\t\t\t<\/div>\n\t\t\t\t\t<\/div>\n\t\t\t\t<\/div>\n\t\t\t\t<\/div>\n\t\t","protected":false},"excerpt":{"rendered":"<p>6. Siegel \u201e\u2026Dann [in dem sechsten Siegel] wird uns noch dargestellt, wie der also bis zur hohen Vergeistigung hinaufgestiegene Mensch [&hellip;]<\/p>\n","protected":false},"author":2,"featured_media":0,"parent":0,"menu_order":0,"comment_status":"closed","ping_status":"closed","template":"","meta":{"_acf_changed":false,"site-sidebar-layout":"no-sidebar","site-content-layout":"","ast-site-content-layout":"full-width-container","site-content-style":"default","site-sidebar-style":"default","ast-global-header-display":"","ast-banner-title-visibility":"","ast-main-header-display":"","ast-hfb-above-header-display":"","ast-hfb-below-header-display":"","ast-hfb-mobile-header-display":"","site-post-title":"","ast-breadcrumbs-content":"","ast-featured-img":"disabled","footer-sml-layout":"","theme-transparent-header-meta":"","adv-header-id-meta":"","stick-header-meta":"","header-above-stick-meta":"","header-main-stick-meta":"","header-below-stick-meta":"","astra-migrate-meta-layouts":"default","ast-page-background-enabled":"default","ast-page-background-meta":{"desktop":{"background-color":"var(--ast-global-color-5)","background-image":"","background-repeat":"repeat","background-position":"center center","background-size":"auto","background-attachment":"scroll","background-type":"","background-media":"","overlay-type":"","overlay-color":"","overlay-opacity":"","overlay-gradient":""},"tablet":{"background-color":"","background-image":"","background-repeat":"repeat","background-position":"center center","background-size":"auto","background-attachment":"scroll","background-type":"","background-media":"","overlay-type":"","overlay-color":"","overlay-opacity":"","overlay-gradient":""},"mobile":{"background-color":"","background-image":"","background-repeat":"repeat","background-position":"center center","background-size":"auto","background-attachment":"scroll","background-type":"","background-media":"","overlay-type":"","overlay-color":"","overlay-opacity":"","overlay-gradient":""}},"ast-content-background-meta":{"desktop":{"background-color":"var(--ast-global-color-4)","background-image":"","background-repeat":"repeat","background-position":"center center","background-size":"auto","background-attachment":"scroll","background-type":"","background-media":"","overlay-type":"","overlay-color":"","overlay-opacity":"","overlay-gradient":""},"tablet":{"background-color":"var(--ast-global-color-4)","background-image":"","background-repeat":"repeat","background-position":"center center","background-size":"auto","background-attachment":"scroll","background-type":"","background-media":"","overlay-type":"","overlay-color":"","overlay-opacity":"","overlay-gradient":""},"mobile":{"background-color":"var(--ast-global-color-4)","background-image":"","background-repeat":"repeat","background-position":"center center","background-size":"auto","background-attachment":"scroll","background-type":"","background-media":"","overlay-type":"","overlay-color":"","overlay-opacity":"","overlay-gradient":""}},"footnotes":""},"class_list":["post-296","page","type-page","status-publish","hentry"],"acf":[],"_links":{"self":[{"href":"https:\/\/michaeliten.org\/bg\/wp-json\/wp\/v2\/pages\/296","targetHints":{"allow":["GET"]}}],"collection":[{"href":"https:\/\/michaeliten.org\/bg\/wp-json\/wp\/v2\/pages"}],"about":[{"href":"https:\/\/michaeliten.org\/bg\/wp-json\/wp\/v2\/types\/page"}],"author":[{"embeddable":true,"href":"https:\/\/michaeliten.org\/bg\/wp-json\/wp\/v2\/users\/2"}],"replies":[{"embeddable":true,"href":"https:\/\/michaeliten.org\/bg\/wp-json\/wp\/v2\/comments?post=296"}],"version-history":[{"count":13,"href":"https:\/\/michaeliten.org\/bg\/wp-json\/wp\/v2\/pages\/296\/revisions"}],"predecessor-version":[{"id":346,"href":"https:\/\/michaeliten.org\/bg\/wp-json\/wp\/v2\/pages\/296\/revisions\/346"}],"wp:attachment":[{"href":"https:\/\/michaeliten.org\/bg\/wp-json\/wp\/v2\/media?parent=296"}],"curies":[{"name":"wp","href":"https:\/\/api.w.org\/{rel}","templated":true}]}}